{"id":42,"date":"2023-03-04T17:33:15","date_gmt":"2023-03-04T16:33:15","guid":{"rendered":"http:\/\/dabrowszczak.home.pl\/autoinstalator\/wordpressplugins3\/?page_id=42"},"modified":"2023-03-04T17:41:35","modified_gmt":"2023-03-04T16:41:35","slug":"elementor-42","status":"publish","type":"page","link":"https:\/\/dabrowszczak.pl\/index.php\/elementor-42\/","title":{"rendered":"KULTURA"},"content":{"rendered":"\t\t<div data-elementor-type=\"wp-page\" data-elementor-id=\"42\" class=\"elementor elementor-42\">\n\t\t\t\t\t\t<section class=\"elementor-section elementor-top-section elementor-element elementor-element-8b65a3a elementor-section-boxed elementor-section-height-default elementor-section-height-default\" data-id=\"8b65a3a\" data-element_type=\"section\">\n\t\t\t\t\t\t<div class=\"elementor-container elementor-column-gap-default\">\n\t\t\t\t\t<div class=\"elementor-column elementor-col-100 elementor-top-column elementor-element elementor-element-687e9c1\" data-id=\"687e9c1\" data-element_type=\"column\">\n\t\t\t<div class=\"elementor-widget-wrap elementor-element-populated\">\n\t\t\t\t\t\t<div class=\"elementor-element elementor-element-4f84801 elementor-widget elementor-widget-text-editor\" data-id=\"4f84801\" data-element_type=\"widget\" data-widget_type=\"text-editor.default\">\n\t\t\t\t<div class=\"elementor-widget-container\">\n\t\t\t\t\t\t\t\t\t<h4><span style=\"text-decoration: underline;\">HE\u0143KI<\/span><br \/>W dniu \u015awi\u0119ta Edukacji Narodowej w naszym liceum uczniowie wr\u0119czaj\u0105 ulubionym nauczycielom &#8220;He\u0144ki&#8221;.<\/h4>\t\t\t\t\t\t\t\t<\/div>\n\t\t\t\t<\/div>\n\t\t\t\t<div class=\"elementor-element elementor-element-c26d51c elementor-widget-divider--view-line elementor-widget elementor-widget-divider\" data-id=\"c26d51c\" data-element_type=\"widget\" data-widget_type=\"divider.default\">\n\t\t\t\t<div class=\"elementor-widget-container\">\n\t\t\t\t\t\t\t<div class=\"elementor-divider\">\n\t\t\t<span class=\"elementor-divider-separator\">\n\t\t\t\t\t\t<\/span>\n\t\t<\/div>\n\t\t\t\t\t\t<\/div>\n\t\t\t\t<\/div>\n\t\t\t\t\t<\/div>\n\t\t<\/div>\n\t\t\t\t\t<\/div>\n\t\t<\/section>\n\t\t\t\t<section class=\"elementor-section elementor-top-section elementor-element elementor-element-6504c45 elementor-section-boxed elementor-section-height-default elementor-section-height-default\" data-id=\"6504c45\" data-element_type=\"section\">\n\t\t\t\t\t\t<div class=\"elementor-container elementor-column-gap-default\">\n\t\t\t\t\t<div class=\"elementor-column elementor-col-100 elementor-top-column elementor-element elementor-element-19a86dd\" data-id=\"19a86dd\" data-element_type=\"column\">\n\t\t\t<div class=\"elementor-widget-wrap elementor-element-populated\">\n\t\t\t\t\t\t<div class=\"elementor-element elementor-element-b88ea4a elementor-widget elementor-widget-text-editor\" data-id=\"b88ea4a\" data-element_type=\"widget\" data-widget_type=\"text-editor.default\">\n\t\t\t\t<div class=\"elementor-widget-container\">\n\t\t\t\t\t\t\t\t\t<h4><span style=\"text-decoration: underline;\">JA\u015aKI<\/span><strong><br \/><br \/><\/strong>9 stycznia 2007 roku, w dniu \u015awi\u0119ta Szko\u0142y,\u00a0 po raz pierwszy w historii\u00a0 liceum wr\u0119czoo\u00a0 &#8220;Ja\u015bki&#8221;- nagrody przyznawane uczniom przez nauczycieli. S\u0105 one nawi\u0105zaniem do powsta\u0142ych kilka lat temu He\u0144k\u00f3w, wyr\u00f3\u017cnie\u0144, kt\u00f3rymi to uczniowie, z okazji Dnia Edukacji Narodowej , uhonorowywali swych ulubionych pedagog\u00f3w i pracownik\u00f3w szko\u0142y.\u00a0<\/h4>\t\t\t\t\t\t\t\t<\/div>\n\t\t\t\t<\/div>\n\t\t\t\t\t<\/div>\n\t\t<\/div>\n\t\t\t\t\t<\/div>\n\t\t<\/section>\n\t\t\t\t<section class=\"elementor-section elementor-top-section elementor-element elementor-element-65e122e elementor-section-boxed elementor-section-height-default elementor-section-height-default\" data-id=\"65e122e\" data-element_type=\"section\">\n\t\t\t\t\t\t<div class=\"elementor-container elementor-column-gap-default\">\n\t\t\t\t\t<div class=\"elementor-column elementor-col-100 elementor-top-column elementor-element elementor-element-edde4b4\" data-id=\"edde4b4\" data-element_type=\"column\">\n\t\t\t<div class=\"elementor-widget-wrap elementor-element-populated\">\n\t\t\t\t\t\t<div class=\"elementor-element elementor-element-6757766 elementor-widget-divider--view-line elementor-widget elementor-widget-divider\" data-id=\"6757766\" data-element_type=\"widget\" data-widget_type=\"divider.default\">\n\t\t\t\t<div class=\"elementor-widget-container\">\n\t\t\t\t\t\t\t<div class=\"elementor-divider\">\n\t\t\t<span class=\"elementor-divider-separator\">\n\t\t\t\t\t\t<\/span>\n\t\t<\/div>\n\t\t\t\t\t\t<\/div>\n\t\t\t\t<\/div>\n\t\t\t\t\t<\/div>\n\t\t<\/div>\n\t\t\t\t\t<\/div>\n\t\t<\/section>\n\t\t\t\t<section class=\"elementor-section elementor-top-section elementor-element elementor-element-348fa78 elementor-section-boxed elementor-section-height-default elementor-section-height-default\" data-id=\"348fa78\" data-element_type=\"section\">\n\t\t\t\t\t\t<div class=\"elementor-container elementor-column-gap-default\">\n\t\t\t\t\t<div class=\"elementor-column elementor-col-100 elementor-top-column elementor-element elementor-element-561bb01\" data-id=\"561bb01\" data-element_type=\"column\">\n\t\t\t<div class=\"elementor-widget-wrap elementor-element-populated\">\n\t\t\t\t\t\t<div class=\"elementor-element elementor-element-19c9fa2 elementor-widget elementor-widget-text-editor\" data-id=\"19c9fa2\" data-element_type=\"widget\" data-widget_type=\"text-editor.default\">\n\t\t\t\t<div class=\"elementor-widget-container\">\n\t\t\t\t\t\t\t\t\t<h4><span style=\"text-decoration: underline;\">BUDA<\/span><\/h4><h4>czyli <strong>B<\/strong>ardzo\u00a0<strong>U<\/strong>dany\u00a0<strong>D<\/strong>ebiut\u00a0<strong>A<\/strong>rtystyczny, to coroczny festiwal tw\u00f3rczo\u015bci uczniowskiej, odbywaj\u0105cy si\u0119 z okazji rozpocz\u0119cia wiosny.<\/h4>\t\t\t\t\t\t\t\t<\/div>\n\t\t\t\t<\/div>\n\t\t\t\t\t<\/div>\n\t\t<\/div>\n\t\t\t\t\t<\/div>\n\t\t<\/section>\n\t\t\t\t<section class=\"elementor-section elementor-top-section elementor-element elementor-element-13d8675 elementor-section-boxed elementor-section-height-default elementor-section-height-default\" data-id=\"13d8675\" data-element_type=\"section\">\n\t\t\t\t\t\t<div class=\"elementor-container elementor-column-gap-default\">\n\t\t\t\t\t<div class=\"elementor-column elementor-col-100 elementor-top-column elementor-element elementor-element-a6e9e8d\" data-id=\"a6e9e8d\" data-element_type=\"column\">\n\t\t\t<div class=\"elementor-widget-wrap elementor-element-populated\">\n\t\t\t\t\t\t<div class=\"elementor-element elementor-element-499970e elementor-widget-divider--view-line elementor-widget elementor-widget-divider\" data-id=\"499970e\" data-element_type=\"widget\" data-widget_type=\"divider.default\">\n\t\t\t\t<div class=\"elementor-widget-container\">\n\t\t\t\t\t\t\t<div class=\"elementor-divider\">\n\t\t\t<span class=\"elementor-divider-separator\">\n\t\t\t\t\t\t<\/span>\n\t\t<\/div>\n\t\t\t\t\t\t<\/div>\n\t\t\t\t<\/div>\n\t\t\t\t\t<\/div>\n\t\t<\/div>\n\t\t\t\t\t<\/div>\n\t\t<\/section>\n\t\t\t\t<section class=\"elementor-section elementor-top-section elementor-element elementor-element-b8b4c62 elementor-section-boxed elementor-section-height-default elementor-section-height-default\" data-id=\"b8b4c62\" data-element_type=\"section\">\n\t\t\t\t\t\t<div class=\"elementor-container elementor-column-gap-default\">\n\t\t\t\t\t<div class=\"elementor-column elementor-col-100 elementor-top-column elementor-element elementor-element-f801f00\" data-id=\"f801f00\" data-element_type=\"column\">\n\t\t\t<div class=\"elementor-widget-wrap elementor-element-populated\">\n\t\t\t\t\t\t<div class=\"elementor-element elementor-element-34afe1b elementor-widget elementor-widget-text-editor\" data-id=\"34afe1b\" data-element_type=\"widget\" data-widget_type=\"text-editor.default\">\n\t\t\t\t<div class=\"elementor-widget-container\">\n\t\t\t\t\t\t\t\t\t<div class=\"grid_8\"><h4><span style=\"text-decoration: underline;\">PINGWINEK<\/span><\/h4><\/div><div class=\"grid_8\"><p>Niewiele szkolnych kabaret\u00f3w mo\u017ce si\u0119 pochwali\u0107 pe\u0142noletno\u015bci\u0105, a kabaretowi PINGWINEK za\u0142o\u017conemu w 1970 roku przez Lecha Wituszy\u0144skiego \u201estukn\u0119\u0142a\u201d kilka lat temu czterdziestka. W\u015br\u00f3d szacownych opiekun\u00f3w znajdowa\u0142y si\u0119, mi\u0119dzy innymi, panie Urszula Chwiejczak, Stefania Tuzin i Barbara Purga\u0142 oraz panowie Zbigniew Wdowiak i Robert W\u0105s. Kabaret specjalizuje si\u0119 przede wszystkim w aluzjach pedagogiczno-personalnych i nadawaniu szkolnym uroczysto\u015bciom nieco l\u017cejszego charakteru. Trzon obsady PINGWINKA to najcz\u0119\u015bciej uczniowie i uczennice starszych klas, wspierani przez m\u0142odszych koleg\u00f3w. Absolwenci szko\u0142y powi\u0105zani z PINGWINKIEM to mi\u0119dzy innymi dziennikarze radiowi i prasowi, aktorzy telewizyjni i studenci aktorstwa, lokalni dzia\u0142acze i nauczyciele naszego liceum. Charakterystycznym znakiem rozpoznawczym wyst\u0119p\u00f3w kabaretu jest jego hymn, \u015bpiewany zawsze przed rozpocz\u0119ciem wyst\u0119pu i po jego zako\u0144czeniu.<\/p><h4>HYMN PINGWINKA<\/h4><p>Dla ch\u0142opczyk\u00f3w i dziewczynek<br \/>idealny jest Pingwinek.<br \/>Bawi, cieszy i rozbraja,<br \/>gdy cz\u0142eka chandra nastraja.<\/p><p>Nawet Hindus ca\u0142kiem \u0142ysy,<br \/>co polowa\u0142 na tygrysy,<br \/>gdy urodzi\u0142 mu si\u0119 synek,<br \/>da\u0142 na imi\u0119 mu Pingwinek.<\/p><p>W wielkiej Pingwin by\u0142 rozterce:<br \/>Czy satyra? Czy te\u017c serce?<br \/>Lecz zwyci\u0119\u017cy\u0142 swe k\u0142opoty,<br \/>Wybieraj\u0105c \u015brodek z\u0142oty.<\/p><p>La la la \u2026<\/p><\/div>\t\t\t\t\t\t\t\t<\/div>\n\t\t\t\t<\/div>\n\t\t\t\t\t<\/div>\n\t\t<\/div>\n\t\t\t\t\t<\/div>\n\t\t<\/section>\n\t\t\t\t<section class=\"elementor-section elementor-top-section elementor-element elementor-element-3882457 elementor-section-boxed elementor-section-height-default elementor-section-height-default\" data-id=\"3882457\" data-element_type=\"section\">\n\t\t\t\t\t\t<div class=\"elementor-container elementor-column-gap-default\">\n\t\t\t\t\t<div class=\"elementor-column elementor-col-100 elementor-top-column elementor-element elementor-element-5cada13\" data-id=\"5cada13\" data-element_type=\"column\">\n\t\t\t<div class=\"elementor-widget-wrap elementor-element-populated\">\n\t\t\t\t\t\t<div class=\"elementor-element elementor-element-25521f7 elementor-widget-divider--view-line elementor-widget elementor-widget-divider\" data-id=\"25521f7\" data-element_type=\"widget\" data-widget_type=\"divider.default\">\n\t\t\t\t<div class=\"elementor-widget-container\">\n\t\t\t\t\t\t\t<div class=\"elementor-divider\">\n\t\t\t<span class=\"elementor-divider-separator\">\n\t\t\t\t\t\t<\/span>\n\t\t<\/div>\n\t\t\t\t\t\t<\/div>\n\t\t\t\t<\/div>\n\t\t\t\t\t<\/div>\n\t\t<\/div>\n\t\t\t\t\t<\/div>\n\t\t<\/section>\n\t\t\t\t<section class=\"elementor-section elementor-top-section elementor-element elementor-element-e1ff3ca elementor-section-boxed elementor-section-height-default elementor-section-height-default\" data-id=\"e1ff3ca\" data-element_type=\"section\">\n\t\t\t\t\t\t<div class=\"elementor-container elementor-column-gap-default\">\n\t\t\t\t\t<div class=\"elementor-column elementor-col-100 elementor-top-column elementor-element elementor-element-d4999b5\" data-id=\"d4999b5\" data-element_type=\"column\">\n\t\t\t<div class=\"elementor-widget-wrap elementor-element-populated\">\n\t\t\t\t\t\t<div class=\"elementor-element elementor-element-37e0373 elementor-widget elementor-widget-text-editor\" data-id=\"37e0373\" data-element_type=\"widget\" data-widget_type=\"text-editor.default\">\n\t\t\t\t<div class=\"elementor-widget-container\">\n\t\t\t\t\t\t\t\t\t<h4>PRZEBOJEM<\/h4><p>Czasopismo szkolne\u00a0<em><strong>Przebojem<\/strong>\u00a0<\/em>to wyj\u0105tkowe osi\u0105gni\u0119cie Liceum Og\u00f3lnokszta\u0142c\u0105cego im. Gen. J. H. D\u0105browskiego. Jego historia si\u0119ga stycznia 1923 roku, kiedy to ukaza\u0142 si\u0119 pierwszy numer szkolnej gazety. Jego redaktorem naczelnym by\u0142 w\u00f3wczas Eugeniusz Filipowicz, ucze\u0144 szko\u0142y, ochotnik kampanii w 1920 roku, maturzysta z 1924 roku, burmistrz Kutna w latach 1936-39, pose\u0142 na Sejm w okresie 1938-39, po wojnie zatrudniony w Ministerstwie Zdrowia. Wraz z \u00f3wczesnym redaktorem odpowiedzialnym Wawrzy\u0144cem Blochem w artykule redakcyjnym pierwszego numeru\u00a0<em>Przebojem<\/em>\u00a0pisa\u0142: \u201ePrzebojem b\u0119dzie obejmowa\u0142o ca\u0142e gimnazjum i jakkolwiek zasadniczo b\u0119dzie przeznaczone dla gimnazjum wy\u017cszego, to chcieliby\u015bmy, aby by\u0142o odzwierciedleniem ca\u0142okszta\u0142tu stosunk\u00f3w we wszystkich klasach\u201d.<\/p><p>Ci sami okre\u015blili tak\u017ce cele pisma: \u201eB\u0119dziemy uczyli siebie i swoich koleg\u00f3w tylko mi\u0142o\u015bci wszystkiego, co dobre, co wielkie i \u015bwi\u0119te. Uczucie nienawi\u015bci b\u0119dzie nam obce\u201d. Znane do dzi\u015b szkolne czasopismo mia\u0142o swoich poprzednik\u00f3w. By\u0142y to gazetki \u201eBomba\u201d i \u201eSztubak\u201d. Z grona nauczycielskiego piecz\u0119 nad pismem w chwili jego powstania sprawowa\u0142 nauczyciel j\u0119zyka polskiego Jan Anders.<\/p><p><em>Przebojem<\/em>\u00a0ukazywa\u0142o si\u0119 bardzo regularnie, co miesi\u0105c, i liczy\u0142o 32 strony druku, a uczniowie dostawali je bezp\u0142atnie. Mie\u015bci\u0142y si\u0119 w nim artyku\u0142y dotycz\u0105ce \u017cycia szko\u0142y, np. by\u0142y to relacje z r\u00f3\u017cnych wycieczek czy wakacyjnych wyjazd\u00f3w. Atrakcj\u0105 by\u0142y opisy lot\u00f3w samolotem czy podr\u00f3\u017cy morskich. Sporo miejsca po\u015bwi\u0119cano zagadnieniom religijnym czy obyczajom oraz gwarze wsi podkutnowskich. Sukcesywnie rozrasta\u0142 si\u0119 zesp\u00f3\u0142 redakcyjny. Zainicjowa\u0142 on powo\u0142anie k\u00f3\u0142ka literackiego, kt\u00f3re mia\u0142o nie tylko rozwija\u0107 zainteresowania literackie uczni\u00f3w, ale r\u00f3wnie\u017c zaj\u0119\u0142o si\u0119 dostarczaniem artyku\u0142\u00f3w do czasopisma. Od tej chwili poza materia\u0142ami dotycz\u0105cymi szko\u0142y w wydawnictwie znalaz\u0142y si\u0119 zagadnienia literackie, opisy dotycz\u0105ce \u017cycia innych narod\u00f3w, odniesienia do zagadnie\u0144 politycznych krajowych i zagranicznych. Pismo wzbogacone zosta\u0142o o now\u0105 szat\u0119 graficzn\u0105 i przyj\u0119to sta\u0142y uk\u0142ad tre\u015bci. Do wybuchu II wojny \u015bwiatowej ukaza\u0142o si\u0119 78 numer\u00f3w\u00a0<em>Przebojem<\/em>. Do dzi\u015b s\u0105 one \u017ar\u00f3d\u0142em wiedzy o szkole i jej uczniach.<\/p><p>\u00a0\u00a0<em>Przebojem<\/em>\u00a0nadal zapisuje si\u0119 pi\u0119kn\u0105 kart\u0105 w dziejach Liceum, prezentuj\u0105c na swych stronach wydarzenia z \u017cycia szko\u0142y, wspomnienia i refleksje by\u0142ych i obecnych nauczycieli i uczni\u00f3w szko\u0142y, teksty literackie ich autorstwa. W\u00a0<em>Przebojem<\/em>\u00a0mo\u017cna znale\u017a\u0107\u00a0 tak\u017ce wykaz jej absolwent\u00f3w z poszczeg\u00f3lnych rocznik\u00f3w, nazwiska dyrektor\u00f3w i nauczycieli zwi\u0105zanych ze szko\u0142\u0105 w ca\u0142ej jej historii oraz biogramy absolwent\u00f3w i wychowank\u00f3w, kt\u00f3rzy rozs\u0142awiaj\u0105 imi\u0119 plac\u00f3wki. Kolejne roczniki\u00a0<em>D\u0105browszczaka\u00a0<\/em>dbaj\u0105 o to, by tradycja czasopisma, si\u0119gaj\u0105ca lat dwudziestych XX wieku, nie zagin\u0119\u0142a i mia\u0142a swoich kontynuator\u00f3w\u00a0 zapisuj\u0105cych na\u00a0 kartach\u00a0<em>Przebojem<\/em>\u00a0histori\u0119 Szko\u0142y.\u00a0 \u00a0<\/p><p>( Na podstawie Gimnazjum i Liceum im. Gen. J. H. D\u0105browskiego w Kutnie. Historia szko\u0142y Henryka Lesiaka)<\/p>\t\t\t\t\t\t\t\t<\/div>\n\t\t\t\t<\/div>\n\t\t\t\t\t<\/div>\n\t\t<\/div>\n\t\t\t\t\t<\/div>\n\t\t<\/section>\n\t\t\t\t<\/div>\n\t\t","protected":false},"excerpt":{"rendered":"<p>HE\u0143KIW dniu \u015awi\u0119ta Edukacji Narodowej w naszym liceum uczniowie wr\u0119czaj\u0105 ulubionym nauczycielom &#8220;He\u0144ki&#8221;. JA\u015aKI 9 stycznia 2007 roku, w dniu \u015awi\u0119ta Szko\u0142y,\u00a0 po raz pierwszy w historii\u00a0 liceum wr\u0119czoo\u00a0 &#8220;Ja\u015bki&#8221;- nagrody przyznawane uczniom przez nauczycieli. S\u0105 one nawi\u0105zaniem do powsta\u0142ych kilka lat temu He\u0144k\u00f3w, wyr\u00f3\u017cnie\u0144, kt\u00f3rymi to uczniowie, z okazji Dnia Edukacji Narodowej , uhonorowywali swych ulubionych pedagog\u00f3w i pracownik\u00f3w szko\u0142y.\u00a0 BUDA czyli Bardzo\u00a0Udany\u00a0Debiut\u00a0Artystyczny, to coroczny festiwal tw\u00f3rczo\u015bci uczniowskiej, odbywaj\u0105cy si\u0119 z okazji rozpocz\u0119cia wiosny. PINGWINEK Niewiele szkolnych kabaret\u00f3w mo\u017ce si\u0119 pochwali\u0107 pe\u0142noletno\u015bci\u0105, a kabaretowi PINGWINEK za\u0142o\u017conemu w 1970 roku przez Lecha Wituszy\u0144skiego \u201estukn\u0119\u0142a\u201d kilka lat temu czterdziestka. W\u015br\u00f3d szacownych opiekun\u00f3w znajdowa\u0142y si\u0119, mi\u0119dzy innymi, panie Urszula Chwiejczak, Stefania Tuzin i Barbara Purga\u0142 oraz panowie Zbigniew Wdowiak i Robert W\u0105s. Kabaret specjalizuje si\u0119 przede wszystkim w aluzjach pedagogiczno-personalnych i nadawaniu szkolnym uroczysto\u015bciom nieco l\u017cejszego charakteru. Trzon obsady PINGWINKA to najcz\u0119\u015bciej uczniowie i uczennice starszych klas, wspierani przez m\u0142odszych koleg\u00f3w. Absolwenci szko\u0142y powi\u0105zani z PINGWINKIEM to mi\u0119dzy innymi dziennikarze radiowi i prasowi, aktorzy telewizyjni i studenci aktorstwa, lokalni dzia\u0142acze i nauczyciele naszego liceum. Charakterystycznym znakiem rozpoznawczym wyst\u0119p\u00f3w kabaretu jest jego hymn, \u015bpiewany zawsze przed rozpocz\u0119ciem wyst\u0119pu i po jego zako\u0144czeniu. HYMN PINGWINKA Dla ch\u0142opczyk\u00f3w i dziewczynekidealny jest Pingwinek.Bawi, cieszy i rozbraja,gdy cz\u0142eka chandra nastraja. Nawet Hindus ca\u0142kiem \u0142ysy,co polowa\u0142 na tygrysy,gdy urodzi\u0142 mu si\u0119 synek,da\u0142 na imi\u0119 mu Pingwinek. W wielkiej Pingwin by\u0142 rozterce:Czy satyra? Czy te\u017c serce?Lecz zwyci\u0119\u017cy\u0142 swe k\u0142opoty,Wybieraj\u0105c \u015brodek z\u0142oty. La la la \u2026 PRZEBOJEM Czasopismo szkolne\u00a0Przebojem\u00a0to wyj\u0105tkowe osi\u0105gni\u0119cie Liceum Og\u00f3lnokszta\u0142c\u0105cego im. Gen. J. H. D\u0105browskiego. Jego historia si\u0119ga stycznia 1923 roku, kiedy to ukaza\u0142 si\u0119 pierwszy numer szkolnej gazety. Jego redaktorem naczelnym by\u0142 w\u00f3wczas Eugeniusz Filipowicz, ucze\u0144 szko\u0142y, ochotnik kampanii w 1920 roku, maturzysta z 1924 roku, burmistrz Kutna w latach 1936-39, pose\u0142 na Sejm w okresie 1938-39, po wojnie zatrudniony w Ministerstwie Zdrowia. Wraz z \u00f3wczesnym redaktorem odpowiedzialnym Wawrzy\u0144cem Blochem w artykule redakcyjnym pierwszego numeru\u00a0Przebojem\u00a0pisa\u0142: \u201ePrzebojem b\u0119dzie obejmowa\u0142o ca\u0142e gimnazjum i jakkolwiek zasadniczo b\u0119dzie przeznaczone dla gimnazjum wy\u017cszego, to chcieliby\u015bmy, aby by\u0142o odzwierciedleniem ca\u0142okszta\u0142tu stosunk\u00f3w we wszystkich klasach\u201d. Ci sami okre\u015blili tak\u017ce cele pisma: \u201eB\u0119dziemy uczyli siebie i swoich koleg\u00f3w tylko mi\u0142o\u015bci wszystkiego, co dobre, co wielkie i \u015bwi\u0119te. Uczucie nienawi\u015bci b\u0119dzie nam obce\u201d. Znane do dzi\u015b szkolne czasopismo mia\u0142o swoich poprzednik\u00f3w. By\u0142y to gazetki \u201eBomba\u201d i \u201eSztubak\u201d. Z grona nauczycielskiego piecz\u0119 nad pismem w chwili jego powstania sprawowa\u0142 nauczyciel j\u0119zyka polskiego Jan Anders. Przebojem\u00a0ukazywa\u0142o si\u0119 bardzo regularnie, co miesi\u0105c, i liczy\u0142o 32 strony druku, a uczniowie dostawali je bezp\u0142atnie. Mie\u015bci\u0142y si\u0119 w nim artyku\u0142y dotycz\u0105ce \u017cycia szko\u0142y, np. by\u0142y to relacje z r\u00f3\u017cnych wycieczek czy wakacyjnych wyjazd\u00f3w. Atrakcj\u0105 by\u0142y opisy lot\u00f3w samolotem czy podr\u00f3\u017cy morskich. Sporo miejsca po\u015bwi\u0119cano zagadnieniom religijnym czy obyczajom oraz gwarze wsi podkutnowskich. Sukcesywnie rozrasta\u0142 si\u0119 zesp\u00f3\u0142 redakcyjny. Zainicjowa\u0142 on powo\u0142anie k\u00f3\u0142ka literackiego, kt\u00f3re mia\u0142o nie tylko rozwija\u0107 zainteresowania literackie uczni\u00f3w, ale r\u00f3wnie\u017c zaj\u0119\u0142o si\u0119 dostarczaniem artyku\u0142\u00f3w do czasopisma. Od tej chwili poza materia\u0142ami dotycz\u0105cymi szko\u0142y w wydawnictwie znalaz\u0142y si\u0119 zagadnienia literackie, opisy dotycz\u0105ce \u017cycia innych narod\u00f3w, odniesienia do zagadnie\u0144 politycznych krajowych i zagranicznych. Pismo wzbogacone zosta\u0142o o now\u0105 szat\u0119 graficzn\u0105 i przyj\u0119to sta\u0142y uk\u0142ad tre\u015bci. Do wybuchu II wojny \u015bwiatowej ukaza\u0142o si\u0119 78 numer\u00f3w\u00a0Przebojem. Do dzi\u015b s\u0105 one \u017ar\u00f3d\u0142em wiedzy o szkole i jej uczniach. \u00a0\u00a0Przebojem\u00a0nadal zapisuje si\u0119 pi\u0119kn\u0105 kart\u0105 w dziejach Liceum, prezentuj\u0105c na swych stronach wydarzenia z \u017cycia szko\u0142y, wspomnienia i refleksje by\u0142ych i obecnych nauczycieli i uczni\u00f3w szko\u0142y, teksty literackie ich autorstwa. W\u00a0Przebojem\u00a0mo\u017cna znale\u017a\u0107\u00a0 tak\u017ce wykaz jej absolwent\u00f3w z poszczeg\u00f3lnych rocznik\u00f3w, nazwiska dyrektor\u00f3w i nauczycieli zwi\u0105zanych ze szko\u0142\u0105 w ca\u0142ej jej historii oraz biogramy absolwent\u00f3w i wychowank\u00f3w, kt\u00f3rzy rozs\u0142awiaj\u0105 imi\u0119 plac\u00f3wki. Kolejne roczniki\u00a0D\u0105browszczaka\u00a0dbaj\u0105 o to, by tradycja czasopisma, si\u0119gaj\u0105ca lat dwudziestych XX wieku, nie zagin\u0119\u0142a i mia\u0142a swoich kontynuator\u00f3w\u00a0 zapisuj\u0105cych na\u00a0 kartach\u00a0Przebojem\u00a0histori\u0119 Szko\u0142y.\u00a0 \u00a0 ( Na podstawie Gimnazjum i Liceum im. Gen. J. H. D\u0105browskiego w Kutnie. Historia szko\u0142y Henryka Lesiaka)<\/p>\n","protected":false},"author":1,"featured_media":0,"parent":0,"menu_order":5,"comment_status":"closed","ping_status":"closed","template":"","meta":{"footnotes":""},"class_list":["post-42","page","type-page","status-publish","hentry"],"_links":{"self":[{"href":"https:\/\/dabrowszczak.pl\/index.php\/wp-json\/wp\/v2\/pages\/42","targetHints":{"allow":["GET"]}}],"collection":[{"href":"https:\/\/dabrowszczak.pl\/index.php\/wp-json\/wp\/v2\/pages"}],"about":[{"href":"https:\/\/dabrowszczak.pl\/index.php\/wp-json\/wp\/v2\/types\/page"}],"author":[{"embeddable":true,"href":"https:\/\/dabrowszczak.pl\/index.php\/wp-json\/wp\/v2\/users\/1"}],"replies":[{"embeddable":true,"href":"https:\/\/dabrowszczak.pl\/index.php\/wp-json\/wp\/v2\/comments?post=42"}],"version-history":[{"count":4,"href":"https:\/\/dabrowszczak.pl\/index.php\/wp-json\/wp\/v2\/pages\/42\/revisions"}],"predecessor-version":[{"id":46,"href":"https:\/\/dabrowszczak.pl\/index.php\/wp-json\/wp\/v2\/pages\/42\/revisions\/46"}],"wp:attachment":[{"href":"https:\/\/dabrowszczak.pl\/index.php\/wp-json\/wp\/v2\/media?parent=42"}],"curies":[{"name":"wp","href":"https:\/\/api.w.org\/{rel}","templated":true}]}}